{"id":298,"date":"2020-01-13T14:05:23","date_gmt":"2020-01-13T13:05:23","guid":{"rendered":"http:\/\/novonet.fr\/?page_id=298"},"modified":"2023-05-12T11:28:30","modified_gmt":"2023-05-12T09:28:30","slug":"attachee-commerciale","status":"publish","type":"page","link":"https:\/\/novonet.fr\/index.php\/carriere\/attachee-commerciale\/","title":{"rendered":"Attach\u00e9(e) Commercial(e) Propret\u00e9 &#038; Multiservices"},"content":{"rendered":"\n<h4 class=\"wp-block-heading\"><strong>M\u00e9tier\u00a0: <\/strong>SERVICE COMMERCIAL \/ VENTE<\/h4>\n\n\n\n<h4 class=\"wp-block-heading\"><strong>Intitul\u00e9 du poste\u00a0: <\/strong>ATTACHE(E) COMMERCIAL(E) &#8211; H\/F<\/h4>\n\n\n\n<h4 class=\"wp-block-heading\"><strong>Date d&rsquo;entr\u00e9e souhait\u00e9e\u00a0: <\/strong>04\/09\/2023<\/h4>\n\n\n\n<h4 class=\"wp-block-heading\"><strong>Type de Contrat\u00a0: <\/strong>CDI temps complet ou partiel (\u00e0 d\u00e9finir)<\/h4>\n\n\n\n<h4 class=\"wp-block-heading\">Description du poste&nbsp;:&nbsp;<\/h4>\n\n\n\n<p>Pour nous accompagner dans notre dynamique de croissance, nous recherchons un\u00a0<strong>Attach\u00e9(e) Commercial(e) H\/F<\/strong>.<\/p>\n\n\n\n<p>En collaboration avec la direction g\u00e9n\u00e9rale, vous serez responsable de d\u00e9velopper le chiffre d&rsquo;affaires sur votre secteur d&rsquo;activit\u00e9. Vous incarnerez nos valeurs et notre qualit\u00e9 de services et vous mettrez \u00e0 profit votre excellent relationnel pour d\u00e9velopper notre activit\u00e9 dans le Val de Marne et plus g\u00e9n\u00e9ralement, dans l\u2019Est Parisien, en apportant vos id\u00e9es, votre r\u00e9seau, votre savoir-\u00eatre et votre motivation.<\/p>\n\n\n\n<p>Avec une forte pr\u00e9sence sur le terrain, vous d\u00e9ploierez votre propre strat\u00e9gie de prospection, votre r\u00e9seau et la fid\u00e9lisation de vos clients, vous r\u00e9pondrez aux appels d\u2019offres et consultations.<\/p>\n\n\n\n<p>\u00c0 ce titre, voici quelques t\u00e2ches qui vous seront confi\u00e9es :<\/p>\n\n\n\n<p>&#8211; Prospecter, cibler et conqu\u00e9rir de nouveaux clients<\/p>\n\n\n\n<p>&#8211; D\u00e9velopper le portefeuille client et le CA<\/p>\n\n\n\n<p>&#8211; Actualiser r\u00e9guli\u00e8rement la base de donn\u00e9es clients et mettre \u00e0 jour les contrats commerciaux<\/p>\n\n\n\n<p>&#8211; \u00catre attentif en permanente sur les tendances et l\u2019\u00e9volution des prix pratiqu\u00e9s, les innovations lanc\u00e9es sur le march\u00e9&#8230;<\/p>\n\n\n\n<h4 class=\"wp-block-heading\">Profil&nbsp;:<\/h4>\n\n\n\n<p>Vous \u00eates dynamique, autonome et ambitieux(se) mais surtout bienveillant(e) et vous souhaitez vous investir dans une entreprise attach\u00e9e aux valeurs humaines ?&nbsp;<\/p>\n\n\n\n<p>Vous \u00eates organis\u00e9(e), autonome, motiv\u00e9(e), et faites preuve d\u2019une tr\u00e8s bonne aisance relationnelle ? Ce poste est fait pour vous&nbsp;!<\/p>\n\n\n\n<p>De plus, il est indispensable que vous soyez titulaire du <strong>permis B<\/strong>.<\/p>\n\n\n\n<p>&#8211; Salaire selon exp\u00e9rience (fixe + variable d\u00e9plafonn\u00e9)<\/p>\n\n\n\n<p>&#8211; Avantages&nbsp;: v\u00e9hicule + carte essence + ordinateur et portable<\/p>\n\n\n\n<h4 class=\"wp-block-heading\"><strong>Localisation du poste\u00a0: <\/strong>Ile-de-France, VAL DE MARNE (94) et communes limitrophes<\/h4>\n\n\n\n<div class=\"wp-block-themeisle-blocks-advanced-columns has-1-columns has-desktop-equal-layout has-tablet-equal-layout has-mobile-equal-layout has-default-gap has-vertical-unset\" id=\"wp-block-themeisle-blocks-advanced-columns-2ca1608a\"><div class=\"wp-block-themeisle-blocks-advanced-columns-overlay\"><\/div><div class=\"innerblocks-wrap\">\n\n<div class=\"wp-block-themeisle-blocks-advanced-column\" id=\"wp-block-themeisle-blocks-advanced-column-3342a8a5\">\n\n<p class=\"has-text-align-center\"><strong>D\u00e9posez votre candidature \u00e0 : <\/strong><\/p>\n\n\n<p class=\"has-text-align-center\"><strong><a href=\"mailto:recrutement@novonet.fr\">recrutement@novonet.fr<\/a> <\/strong><\/p>\n\n<\/div>\n\n<\/div><\/div>\n","protected":false},"excerpt":{"rendered":"<p>M\u00e9tier\u00a0: SERVICE COMMERCIAL \/ VENTE Intitul\u00e9 du poste\u00a0: ATTACHE(E) COMMERCIAL(E) &#8211; H\/F Date d&rsquo;entr\u00e9e souhait\u00e9e\u00a0: 04\/09\/2023 Type de Contrat\u00a0: CDI temps complet ou partiel (\u00e0 d\u00e9finir) Description du poste&nbsp;:&nbsp; Pour nous accompagner dans notre dynamique de croissance, nous recherchons un\u00a0Attach\u00e9(e) Commercial(e) H\/F. En collaboration avec la direction g\u00e9n\u00e9rale, vous serez<a class=\"moretag\" href=\"https:\/\/novonet.fr\/index.php\/carriere\/attachee-commerciale\/\"> Lire la suite<\/a><\/p>\n","protected":false},"author":1,"featured_media":0,"parent":274,"menu_order":1,"comment_status":"closed","ping_status":"closed","template":"","meta":{"footnotes":""},"class_list":["post-298","page","type-page","status-publish","hentry"],"_links":{"self":[{"href":"https:\/\/novonet.fr\/index.php\/wp-json\/wp\/v2\/pages\/298","targetHints":{"allow":["GET"]}}],"collection":[{"href":"https:\/\/novonet.fr\/index.php\/wp-json\/wp\/v2\/pages"}],"about":[{"href":"https:\/\/novonet.fr\/index.php\/wp-json\/wp\/v2\/types\/page"}],"author":[{"embeddable":true,"href":"https:\/\/novonet.fr\/index.php\/wp-json\/wp\/v2\/users\/1"}],"replies":[{"embeddable":true,"href":"https:\/\/novonet.fr\/index.php\/wp-json\/wp\/v2\/comments?post=298"}],"version-history":[{"count":17,"href":"https:\/\/novonet.fr\/index.php\/wp-json\/wp\/v2\/pages\/298\/revisions"}],"predecessor-version":[{"id":518,"href":"https:\/\/novonet.fr\/index.php\/wp-json\/wp\/v2\/pages\/298\/revisions\/518"}],"up":[{"embeddable":true,"href":"https:\/\/novonet.fr\/index.php\/wp-json\/wp\/v2\/pages\/274"}],"wp:attachment":[{"href":"https:\/\/novonet.fr\/index.php\/wp-json\/wp\/v2\/media?parent=298"}],"curies":[{"name":"wp","href":"https:\/\/api.w.org\/{rel}","templated":true}]}}